{"id":14959,"date":"2025-10-07T14:59:56","date_gmt":"2025-10-07T19:59:56","guid":{"rendered":"https:\/\/www.lateliercoiffureesthetique.com\/en\/?page_id=14959"},"modified":"2025-10-07T15:56:28","modified_gmt":"2025-10-07T20:56:28","slug":"nos-soins-du-visage","status":"publish","type":"page","link":"https:\/\/www.lateliercoiffureesthetique.com\/fr\/nos-soins-du-visage\/","title":{"rendered":"Nos soins du visage"},"content":{"rendered":"<p>[vc_row center_bck_image=\u00a0\u00bbno\u00a0\u00bb][vc_column]<div class=\"eltd-section-title-outer-holder\" style=\"text-align: center\">\n\n    \t<div class=\"eltd-section-title-title-holder\">\n\t\t<h2 class=\"eltd-section-title\" style=\";;;;;;;\">\n\t\t\tNos soins du visage\t\t<\/h2>\n\t<\/div>\n    \t<span class=\"eltd-title-separator \"><\/span>\n    \n<\/div>[vc_empty_space][\/vc_column][\/vc_row][vc_row center_bck_image=\u00a0\u00bbno\u00a0\u00bb][vc_column width=\u00a0\u00bb2\/3&Prime;][vc_column_text]D\u00e9couvrez nos soins du visage personnalis\u00e9s, pens\u00e9s pour r\u00e9pondre aux besoins sp\u00e9cifiques de chaque peau. Que vous recherchiez une hydratation intense, un effet anti-\u00e2ge, un soin purifiant ou un moment de d\u00e9tente absolue, notre \u00e9quipe d\u2019expertes vous accompagne avec des technologies et produits haut de gamme pour r\u00e9v\u00e9ler l\u2019\u00e9clat naturel de votre peau.[\/vc_column_text][vc_empty_space]<a href=\"https:\/\/www.lateliercoiffureesthetique.com\/fr\/reservation-en-ligne\/\" target=\"_self\"  class=\"eltd-btn eltd-btn-large eltd-btn-outline\"  >\n    <span class=\"eltd-btn-text\">R\u00e9server<\/span>\n    <\/a>[vc_empty_space][\/vc_column][vc_column width=\u00a0\u00bb1\/3&Prime;][vc_single_image image=\u00a0\u00bb14981&Prime; img_size=\u00a0\u00bbmedium\u00a0\u00bb alignment=\u00a0\u00bbcenter\u00a0\u00bb][vc_empty_space][\/vc_column][\/vc_row][vc_row center_bck_image=\u00a0\u00bbno\u00a0\u00bb][vc_column]<div class=\"eltd-price-list\" ><div class=\"eltd-price-list-holder\"><div class=\"eltd-price-list-item \">\n\n\t<div class=\"eltd-price-list-item-inner\">\n\n\t\t\n\t\t\t<div class=\"eltd-price-list-title-price-holder clearfix\">\n\n\t\t\t\t\n\t\t\t\t\t<h2 class=\"eltd-price-list-title\" >\n\t\t\t\t\t\t<span class=\"eltd-price-list-title-area\" >\n\t\t\t\t\t\t\tSoin visage pour homme\t\t\t\t\t\t\t\t\t\t\t\t\t<\/span>\n\t\t\t\t\t<\/h2>\n\t\t\t\t\n\t\t\t\t\t<div class=\"eltd-price-list-price-holder\">\n\t\t\t\t\t\t<h5 class=\"eltd-price-list-price\">\n\t\t\t\t\t\t\t<span class=\"eltd-price-list-currency\"> <\/span>\n\t\t\t\t\t\t\t<span class=\"eltd-price-list-number\">Dur\u00e9e : 1h35 | 125 $<\/span>\n\t\t\t\t\t\t<\/h5>\n\t\t\t\t\t<\/div>\n\n\t\t\t\t\n\t\t\t<\/div>\n\n\t\t\n\t\t\t\t\t<p class=\"eltd-price-list-desc\">Un facial complet sp\u00e9cialement con\u00e7u pour la peau masculine. Nettoyage en profondeur, r\u00e9duction des inflammations, hydratation intense et finition \u00e9clatante pour une peau visiblement lumineuse et \u00e9quilibr\u00e9e.<\/p>\n\t\t\t<\/div>\n<\/div><div class=\"eltd-price-list-item \">\n\n\t<div class=\"eltd-price-list-item-inner\">\n\n\t\t\n\t\t\t<div class=\"eltd-price-list-title-price-holder clearfix\">\n\n\t\t\t\t\n\t\t\t\t\t<h2 class=\"eltd-price-list-title\" >\n\t\t\t\t\t\t<span class=\"eltd-price-list-title-area\" >\n\t\t\t\t\t\t\tSoin du visage adolescent\t\t\t\t\t\t\t\t\t\t\t\t\t<\/span>\n\t\t\t\t\t<\/h2>\n\t\t\t\t\n\t\t\t\t\t<div class=\"eltd-price-list-price-holder\">\n\t\t\t\t\t\t<h5 class=\"eltd-price-list-price\">\n\t\t\t\t\t\t\t<span class=\"eltd-price-list-currency\"> <\/span>\n\t\t\t\t\t\t\t<span class=\"eltd-price-list-number\">Dur\u00e9e : 1h15 | 95 $ (- de 17 ans)<\/span>\n\t\t\t\t\t\t<\/h5>\n\t\t\t\t\t<\/div>\n\n\t\t\t\t\n\t\t\t<\/div>\n\n\t\t\n\t\t\t\t\t<p class=\"eltd-price-list-desc\">Un soin adapt\u00e9 aux jeunes peaux : nettoyage, exfoliation douce et masque personnalis\u00e9 pour am\u00e9liorer la texture, apaiser les imperfections et instaurer de bonnes habitudes de soin d\u00e8s le plus jeune \u00e2ge.<\/p>\n\t\t\t<\/div>\n<\/div><div class=\"eltd-price-list-item \">\n\n\t<div class=\"eltd-price-list-item-inner\">\n\n\t\t\n\t\t\t<div class=\"eltd-price-list-title-price-holder clearfix\">\n\n\t\t\t\t\n\t\t\t\t\t<h2 class=\"eltd-price-list-title\" >\n\t\t\t\t\t\t<span class=\"eltd-price-list-title-area\" >\n\t\t\t\t\t\t\tHydrafacial\t\t\t\t\t\t\t\t\t\t\t\t\t<\/span>\n\t\t\t\t\t<\/h2>\n\t\t\t\t\n\t\t\t\t\t<div class=\"eltd-price-list-price-holder\">\n\t\t\t\t\t\t<h5 class=\"eltd-price-list-price\">\n\t\t\t\t\t\t\t<span class=\"eltd-price-list-currency\"> <\/span>\n\t\t\t\t\t\t\t<span class=\"eltd-price-list-number\">Dur\u00e9e : 1h30 | 190 $<\/span>\n\t\t\t\t\t\t<\/h5>\n\t\t\t\t\t<\/div>\n\n\t\t\t\t\n\t\t\t<\/div>\n\n\t\t\n\t\t\t\t\t<p class=\"eltd-price-list-desc\">Gr\u00e2ce \u00e0 la technologie Hydrafacial et \u00e0 l\u2019utilisation de lotions sp\u00e9cifiques, ce soin nettoie, hydrate et r\u00e9\u00e9quilibre la peau en profondeur pour un teint frais, uniforme et \u00e9clatant.<\/p>\n\t\t\t<\/div>\n<\/div><div class=\"eltd-price-list-item \">\n\n\t<div class=\"eltd-price-list-item-inner\">\n\n\t\t\n\t\t\t<div class=\"eltd-price-list-title-price-holder clearfix\">\n\n\t\t\t\t\n\t\t\t\t\t<h2 class=\"eltd-price-list-title\" >\n\t\t\t\t\t\t<span class=\"eltd-price-list-title-area\" >\n\t\t\t\t\t\t\tSoin du dos\t\t\t\t\t\t\t\t\t\t\t\t\t<\/span>\n\t\t\t\t\t<\/h2>\n\t\t\t\t\n\t\t\t\t\t<div class=\"eltd-price-list-price-holder\">\n\t\t\t\t\t\t<h5 class=\"eltd-price-list-price\">\n\t\t\t\t\t\t\t<span class=\"eltd-price-list-currency\"> <\/span>\n\t\t\t\t\t\t\t<span class=\"eltd-price-list-number\">Dur\u00e9e : 1h30 | 135 $<\/span>\n\t\t\t\t\t\t<\/h5>\n\t\t\t\t\t<\/div>\n\n\t\t\t\t\n\t\t\t<\/div>\n\n\t\t\n\t\t\t\t\t<p class=\"eltd-price-list-desc\">Id\u00e9al pour traiter l\u2019acn\u00e9, les cicatrices, les taches pigmentaires ou le teint terne. Ce soin combine un peeling chimique, un masque nutritif et une th\u00e9rapie par lumi\u00e8re LED pour une peau du dos lisse et saine.<\/p>\n\t\t\t<\/div>\n<\/div><div class=\"eltd-price-list-item \">\n\n\t<div class=\"eltd-price-list-item-inner\">\n\n\t\t\n\t\t\t<div class=\"eltd-price-list-title-price-holder clearfix\">\n\n\t\t\t\t\n\t\t\t\t\t<h2 class=\"eltd-price-list-title\" >\n\t\t\t\t\t\t<span class=\"eltd-price-list-title-area\" >\n\t\t\t\t\t\t\tHydrafacial Chrono Peptide Booster\t\t\t\t\t\t\t\t\t\t\t\t\t<\/span>\n\t\t\t\t\t<\/h2>\n\t\t\t\t\n\t\t\t\t\t<div class=\"eltd-price-list-price-holder\">\n\t\t\t\t\t\t<h5 class=\"eltd-price-list-price\">\n\t\t\t\t\t\t\t<span class=\"eltd-price-list-currency\"> <\/span>\n\t\t\t\t\t\t\t<span class=\"eltd-price-list-number\">Dur\u00e9e : 2h | 250 $<\/span>\n\t\t\t\t\t\t<\/h5>\n\t\t\t\t\t<\/div>\n\n\t\t\t\t\n\t\t\t<\/div>\n\n\t\t\n\t\t\t\t\t<p class=\"eltd-price-list-desc\">La fusion parfaite entre technologie et performance. L\u2019Hydrafacial combin\u00e9 \u00e0 des boosters aux peptides offre une hydratation et une r\u00e9g\u00e9n\u00e9ration optimales. La peau retrouve volume, \u00e9clat, \u00e9quilibre et \u00e9lasticit\u00e9.<\/p>\n\t\t\t<\/div>\n<\/div><div class=\"eltd-price-list-item \">\n\n\t<div class=\"eltd-price-list-item-inner\">\n\n\t\t\n\t\t\t<div class=\"eltd-price-list-title-price-holder clearfix\">\n\n\t\t\t\t\n\t\t\t\t\t<h2 class=\"eltd-price-list-title\" >\n\t\t\t\t\t\t<span class=\"eltd-price-list-title-area\" >\n\t\t\t\t\t\t\tHydrafacial Chrono Peptide Booster\t\t\t\t\t\t\t\t\t\t\t\t\t<\/span>\n\t\t\t\t\t<\/h2>\n\t\t\t\t\n\t\t\t\t\t<div class=\"eltd-price-list-price-holder\">\n\t\t\t\t\t\t<h5 class=\"eltd-price-list-price\">\n\t\t\t\t\t\t\t<span class=\"eltd-price-list-currency\"> <\/span>\n\t\t\t\t\t\t\t<span class=\"eltd-price-list-number\">Dur\u00e9e : 2h | 250 $<\/span>\n\t\t\t\t\t\t<\/h5>\n\t\t\t\t\t<\/div>\n\n\t\t\t\t\n\t\t\t<\/div>\n\n\t\t\n\t\t\t\t\t<p class=\"eltd-price-list-desc\">La fusion parfaite entre technologie et performance. L\u2019Hydrafacial combin\u00e9 \u00e0 des boosters aux peptides offre une hydratation et une r\u00e9g\u00e9n\u00e9ration optimales. La peau retrouve volume, \u00e9clat, \u00e9quilibre et \u00e9lasticit\u00e9.<\/p>\n\t\t\t<\/div>\n<\/div><div class=\"eltd-price-list-item \">\n\n\t<div class=\"eltd-price-list-item-inner\">\n\n\t\t\n\t\t\t<div class=\"eltd-price-list-title-price-holder clearfix\">\n\n\t\t\t\t\n\t\t\t\t\t<h2 class=\"eltd-price-list-title\" >\n\t\t\t\t\t\t<span class=\"eltd-price-list-title-area\" >\n\t\t\t\t\t\t\tFacial Oxyg\u00e8ne RX\t\t\t\t\t\t\t\t\t\t\t\t\t<\/span>\n\t\t\t\t\t<\/h2>\n\t\t\t\t\n\t\t\t\t\t<div class=\"eltd-price-list-price-holder\">\n\t\t\t\t\t\t<h5 class=\"eltd-price-list-price\">\n\t\t\t\t\t\t\t<span class=\"eltd-price-list-currency\"> <\/span>\n\t\t\t\t\t\t\t<span class=\"eltd-price-list-number\">Dur\u00e9e : 1h45 | 165 $<\/span>\n\t\t\t\t\t\t<\/h5>\n\t\t\t\t\t<\/div>\n\n\t\t\t\t\n\t\t\t<\/div>\n\n\t\t\n\t\t\t\t\t<p class=\"eltd-price-list-desc\">Un soin nourrissant et purifiant, id\u00e9al pour tous les types de peau, y compris les peaux acn\u00e9iques ou sujettes \u00e0 la rosac\u00e9e. Il favorise la respiration cellulaire, stimule la production de collag\u00e8ne et r\u00e9duit l\u2019inflammation.<\/p>\n\t\t\t<\/div>\n<\/div><div class=\"eltd-price-list-item \">\n\n\t<div class=\"eltd-price-list-item-inner\">\n\n\t\t\n\t\t\t<div class=\"eltd-price-list-title-price-holder clearfix\">\n\n\t\t\t\t\n\t\t\t\t\t<h2 class=\"eltd-price-list-title\" >\n\t\t\t\t\t\t<span class=\"eltd-price-list-title-area\" >\n\t\t\t\t\t\t\tLuxe Lift Facial\t\t\t\t\t\t\t\t\t\t\t\t\t<\/span>\n\t\t\t\t\t<\/h2>\n\t\t\t\t\n\t\t\t\t\t<div class=\"eltd-price-list-price-holder\">\n\t\t\t\t\t\t<h5 class=\"eltd-price-list-price\">\n\t\t\t\t\t\t\t<span class=\"eltd-price-list-currency\"> <\/span>\n\t\t\t\t\t\t\t<span class=\"eltd-price-list-number\">Dur\u00e9e : 1h50 | 200 $<\/span>\n\t\t\t\t\t\t<\/h5>\n\t\t\t\t\t<\/div>\n\n\t\t\t\t\n\t\t\t<\/div>\n\n\t\t\n\t\t\t\t\t<p class=\"eltd-price-list-desc\">Un soin anti-\u00e2ge d\u2019exception. Gr\u00e2ce \u00e0 des peptides puissants, des antioxydants et des cellules souches v\u00e9g\u00e9tales, il r\u00e9g\u00e9n\u00e8re et revitalise la peau pour un effet liftant et une luminosit\u00e9 incomparable.<\/p>\n\t\t\t<\/div>\n<\/div><div class=\"eltd-price-list-item \">\n\n\t<div class=\"eltd-price-list-item-inner\">\n\n\t\t\n\t\t\t<div class=\"eltd-price-list-title-price-holder clearfix\">\n\n\t\t\t\t\n\t\t\t\t\t<h2 class=\"eltd-price-list-title\" >\n\t\t\t\t\t\t<span class=\"eltd-price-list-title-area\" >\n\t\t\t\t\t\t\tPeeling Radiance\t\t\t\t\t\t\t\t\t\t\t\t\t<\/span>\n\t\t\t\t\t<\/h2>\n\t\t\t\t\n\t\t\t\t\t<div class=\"eltd-price-list-price-holder\">\n\t\t\t\t\t\t<h5 class=\"eltd-price-list-price\">\n\t\t\t\t\t\t\t<span class=\"eltd-price-list-currency\"> <\/span>\n\t\t\t\t\t\t\t<span class=\"eltd-price-list-number\">Dur\u00e9e : 1h | 115 $<\/span>\n\t\t\t\t\t\t<\/h5>\n\t\t\t\t\t<\/div>\n\n\t\t\t\t\n\t\t\t<\/div>\n\n\t\t\n\t\t\t\t\t<p class=\"eltd-price-list-desc\">Parfait pour les peaux ternes, fatigu\u00e9es ou grasses. Ce peeling doux ravive l\u2019\u00e9clat, att\u00e9nue les taches pigmentaires et les imperfections, et pr\u00e9pare la peau \u00e0 une cure de soins plus approfondie.<\/p>\n\t\t\t<\/div>\n<\/div><div class=\"eltd-price-list-item \">\n\n\t<div class=\"eltd-price-list-item-inner\">\n\n\t\t\n\t\t\t<div class=\"eltd-price-list-title-price-holder clearfix\">\n\n\t\t\t\t\n\t\t\t\t\t<h2 class=\"eltd-price-list-title\" >\n\t\t\t\t\t\t<span class=\"eltd-price-list-title-area\" >\n\t\t\t\t\t\t\tRevitalisation Yeux et L\u00e8vres\t\t\t\t\t\t\t\t\t\t\t\t\t<\/span>\n\t\t\t\t\t<\/h2>\n\t\t\t\t\n\t\t\t\t\t<div class=\"eltd-price-list-price-holder\">\n\t\t\t\t\t\t<h5 class=\"eltd-price-list-price\">\n\t\t\t\t\t\t\t<span class=\"eltd-price-list-currency\"> <\/span>\n\t\t\t\t\t\t\t<span class=\"eltd-price-list-number\">Dur\u00e9e : 1h30 | 140 $<\/span>\n\t\t\t\t\t\t<\/h5>\n\t\t\t\t\t<\/div>\n\n\t\t\t\t\n\t\t\t<\/div>\n\n\t\t\n\t\t\t\t\t<p class=\"eltd-price-list-desc\">Un soin cibl\u00e9 pour les zones les plus d\u00e9licates du visage. Il lisse le contour des yeux, repulpe les l\u00e8vres et hydrate en profondeur pour un regard frais et un sourire \u00e9clatant.<\/p>\n\t\t\t<\/div>\n<\/div><div class=\"eltd-price-list-item eltd-trending-item\">\n\n\t<div class=\"eltd-price-list-item-inner\">\n\n\t\t\n\t\t\t<div class=\"eltd-price-list-title-price-holder clearfix\">\n\n\t\t\t\t\n\t\t\t\t\t<h2 class=\"eltd-price-list-title\" >\n\t\t\t\t\t\t<span class=\"eltd-price-list-title-area\" >\n\t\t\t\t\t\t\tFacial Radiance Automnale\t\t\t\t\t\t\t\t\t\t\t\t\t\t\t<span class=\"eltd-price-list-trending-item icon_star\" ><\/span>\n\t\t\t\t\t\t\t\t\t\t\t\t\t<\/span>\n\t\t\t\t\t<\/h2>\n\t\t\t\t\n\t\t\t\t\t<div class=\"eltd-price-list-price-holder\">\n\t\t\t\t\t\t<h5 class=\"eltd-price-list-price\">\n\t\t\t\t\t\t\t<span class=\"eltd-price-list-currency\"> <\/span>\n\t\t\t\t\t\t\t<span class=\"eltd-price-list-number\">Dur\u00e9e : 1h45 | 170 $ (p\u00e9riode septembre \u00e0 novembre)<\/span>\n\t\t\t\t\t\t<\/h5>\n\t\t\t\t\t<\/div>\n\n\t\t\t\t\n\t\t\t<\/div>\n\n\t\t\n\t\t\t\t\t<p class=\"eltd-price-list-desc\">Un soin saisonnier exclusif, parfait pour la transition automnale. Il d\u00e9toxifie, illumine et r\u00e9hydrate la peau gr\u00e2ce aux s\u00e9rums Circadia, \u00e0 des masques riches en acides amin\u00e9s et \u00e0 une th\u00e9rapie par lumi\u00e8re.<\/p>\n\t\t\t<\/div>\n<\/div><div class=\"eltd-price-list-item \">\n\n\t<div class=\"eltd-price-list-item-inner\">\n\n\t\t\n\t\t\t<div class=\"eltd-price-list-title-price-holder clearfix\">\n\n\t\t\t\t\n\t\t\t\t\t<h2 class=\"eltd-price-list-title\" >\n\t\t\t\t\t\t<span class=\"eltd-price-list-title-area\" >\n\t\t\t\t\t\t\tFacial Premium\t\t\t\t\t\t\t\t\t\t\t\t\t<\/span>\n\t\t\t\t\t<\/h2>\n\t\t\t\t\n\t\t\t\t\t<div class=\"eltd-price-list-price-holder\">\n\t\t\t\t\t\t<h5 class=\"eltd-price-list-price\">\n\t\t\t\t\t\t\t<span class=\"eltd-price-list-currency\"> <\/span>\n\t\t\t\t\t\t\t<span class=\"eltd-price-list-number\">Dur\u00e9e : 1h35 | 125 $<\/span>\n\t\t\t\t\t\t<\/h5>\n\t\t\t\t\t<\/div>\n\n\t\t\t\t\n\t\t\t<\/div>\n\n\t\t\n\t\t\t\t\t<p class=\"eltd-price-list-desc\">Un soin sur mesure pour cibler un besoin sp\u00e9cifique de la peau : Peeling, Nano-infusion, Traitement enzymatique<\/p>\n\t\t\t<\/div>\n<\/div><div class=\"eltd-price-list-item \">\n\n\t<div class=\"eltd-price-list-item-inner\">\n\n\t\t\n\t\t\t<div class=\"eltd-price-list-title-price-holder clearfix\">\n\n\t\t\t\t\n\t\t\t\t\t<h2 class=\"eltd-price-list-title\" >\n\t\t\t\t\t\t<span class=\"eltd-price-list-title-area\" >\n\t\t\t\t\t\t\tFacial Supr\u00eame\t\t\t\t\t\t\t\t\t\t\t\t\t<\/span>\n\t\t\t\t\t<\/h2>\n\t\t\t\t\n\t\t\t\t\t<div class=\"eltd-price-list-price-holder\">\n\t\t\t\t\t\t<h5 class=\"eltd-price-list-price\">\n\t\t\t\t\t\t\t<span class=\"eltd-price-list-currency\"> <\/span>\n\t\t\t\t\t\t\t<span class=\"eltd-price-list-number\">Dur\u00e9e : 1h45 | 150 $<\/span>\n\t\t\t\t\t\t<\/h5>\n\t\t\t\t\t<\/div>\n\n\t\t\t\t\n\t\t\t<\/div>\n\n\t\t\n\t\t\t\t\t<p class=\"eltd-price-list-desc\">Un soin avanc\u00e9 pour cibler deux besoins de la peau, combinant selon vos besoins : Dermaplaning, Peeling doux ou chimique, Nano-infusion, Th\u00e9rapie LED, Traitement enzymatique<\/p>\n\t\t\t<\/div>\n<\/div><div class=\"eltd-price-list-item \">\n\n\t<div class=\"eltd-price-list-item-inner\">\n\n\t\t\n\t\t\t<div class=\"eltd-price-list-title-price-holder clearfix\">\n\n\t\t\t\t\n\t\t\t\t\t<h2 class=\"eltd-price-list-title\" >\n\t\t\t\t\t\t<span class=\"eltd-price-list-title-area\" >\n\t\t\t\t\t\t\tFacial Deluxe\t\t\t\t\t\t\t\t\t\t\t\t\t<\/span>\n\t\t\t\t\t<\/h2>\n\t\t\t\t\n\t\t\t\t\t<div class=\"eltd-price-list-price-holder\">\n\t\t\t\t\t\t<h5 class=\"eltd-price-list-price\">\n\t\t\t\t\t\t\t<span class=\"eltd-price-list-currency\"> <\/span>\n\t\t\t\t\t\t\t<span class=\"eltd-price-list-number\">Dur\u00e9e : 1h45 | 180 $<\/span>\n\t\t\t\t\t\t<\/h5>\n\t\t\t\t\t<\/div>\n\n\t\t\t\t\n\t\t\t<\/div>\n\n\t\t\n\t\t\t\t\t<p class=\"eltd-price-list-desc\">Un soin luxueux combinant un facial \u00e0 l\u2019oxyg\u00e8ne et des enzymes exfoliantes riches en antioxydants. Il am\u00e9liore la microcirculation, raffermit, lisse les ridules et favorise une r\u00e9g\u00e9n\u00e9ration profonde.<\/p>\n\t\t\t<\/div>\n<\/div><div class=\"eltd-price-list-item \">\n\n\t<div class=\"eltd-price-list-item-inner\">\n\n\t\t\n\t\t\t<div class=\"eltd-price-list-title-price-holder clearfix\">\n\n\t\t\t\t\n\t\t\t\t\t<h2 class=\"eltd-price-list-title\" >\n\t\t\t\t\t\t<span class=\"eltd-price-list-title-area\" >\n\t\t\t\t\t\t\tConsultation Facial\t\t\t\t\t\t\t\t\t\t\t\t\t<\/span>\n\t\t\t\t\t<\/h2>\n\t\t\t\t\n\t\t\t\t\t<div class=\"eltd-price-list-price-holder\">\n\t\t\t\t\t\t<h5 class=\"eltd-price-list-price\">\n\t\t\t\t\t\t\t<span class=\"eltd-price-list-currency\"> <\/span>\n\t\t\t\t\t\t\t<span class=\"eltd-price-list-number\">Dur\u00e9e : 30 min | 40 $<\/span>\n\t\t\t\t\t\t<\/h5>\n\t\t\t\t\t<\/div>\n\n\t\t\t\t\n\t\t\t<\/div>\n\n\t\t\n\t\t\t\t\t<p class=\"eltd-price-list-desc\">Une \u00e9valuation compl\u00e8te de votre peau pour cr\u00e9er un protocole personnalis\u00e9, alliant technologies avanc\u00e9es et soins dermo-esth\u00e9tiques. Les frais de consultation sont exig\u00e9s, mais offerts \u00e0 l\u2019achat de produits ou d\u00e9duits lors de la r\u00e9servation du soin recommand\u00e9.<\/p>\n\t\t\t<\/div>\n<\/div><div class=\"eltd-price-list-item \">\n\n\t<div class=\"eltd-price-list-item-inner\">\n\n\t\t\n\t\t\t<div class=\"eltd-price-list-title-price-holder clearfix\">\n\n\t\t\t\t\n\t\t\t\t\t<h2 class=\"eltd-price-list-title\" >\n\t\t\t\t\t\t<span class=\"eltd-price-list-title-area\" >\n\t\t\t\t\t\t\tMicroneedling\t\t\t\t\t\t\t\t\t\t\t\t\t<\/span>\n\t\t\t\t\t<\/h2>\n\t\t\t\t\n\t\t\t\t\t<div class=\"eltd-price-list-price-holder\">\n\t\t\t\t\t\t<h5 class=\"eltd-price-list-price\">\n\t\t\t\t\t\t\t<span class=\"eltd-price-list-currency\"> <\/span>\n\t\t\t\t\t\t\t<span class=\"eltd-price-list-number\">Dur\u00e9e : 1h30 | 250 $<\/span>\n\t\t\t\t\t\t<\/h5>\n\t\t\t\t\t<\/div>\n\n\t\t\t\t\n\t\t\t<\/div>\n\n\t\t\n\t\t\t\t\t<p class=\"eltd-price-list-desc\">Une technique de pointe pour stimuler la production de collag\u00e8ne et d\u2019\u00e9lastine. Elle am\u00e9liore la texture, la fermet\u00e9 et l\u2019uniformit\u00e9 de la peau tout en r\u00e9duisant cicatrices, pores dilat\u00e9s et ridules.<\/p>\n\t\t\t<\/div>\n<\/div><\/div><\/div>[\/vc_column][\/vc_row]<\/p>\n","protected":false},"excerpt":{"rendered":"<p>[vc_row center_bck_image=\u00a0\u00bbno\u00a0\u00bb][vc_column][vc_empty_space][\/vc_column][\/vc_row][vc_row center_bck_image=\u00a0\u00bbno\u00a0\u00bb][vc_column width=\u00a0\u00bb2\/3&Prime;][vc_column_text]D\u00e9couvrez nos soins du visage personnalis\u00e9s, pens\u00e9s pour r\u00e9pondre aux besoins sp\u00e9cifiques de chaque peau. Que vous recherchiez une hydratation intense, un effet anti-\u00e2ge, un soin purifiant ou un moment de d\u00e9tente absolue, notre \u00e9quipe d\u2019expertes vous accompagne avec des technologies et&#8230;<\/p>\n","protected":false},"author":1,"featured_media":0,"parent":0,"menu_order":0,"comment_status":"closed","ping_status":"closed","template":"","meta":[],"_links":{"self":[{"href":"https:\/\/www.lateliercoiffureesthetique.com\/fr\/wp-json\/wp\/v2\/pages\/14959"}],"collection":[{"href":"https:\/\/www.lateliercoiffureesthetique.com\/fr\/wp-json\/wp\/v2\/pages"}],"about":[{"href":"https:\/\/www.lateliercoiffureesthetique.com\/fr\/wp-json\/wp\/v2\/types\/page"}],"author":[{"embeddable":true,"href":"https:\/\/www.lateliercoiffureesthetique.com\/fr\/wp-json\/wp\/v2\/users\/1"}],"replies":[{"embeddable":true,"href":"https:\/\/www.lateliercoiffureesthetique.com\/fr\/wp-json\/wp\/v2\/comments?post=14959"}],"version-history":[{"count":26,"href":"https:\/\/www.lateliercoiffureesthetique.com\/fr\/wp-json\/wp\/v2\/pages\/14959\/revisions"}],"predecessor-version":[{"id":14987,"href":"https:\/\/www.lateliercoiffureesthetique.com\/fr\/wp-json\/wp\/v2\/pages\/14959\/revisions\/14987"}],"wp:attachment":[{"href":"https:\/\/www.lateliercoiffureesthetique.com\/fr\/wp-json\/wp\/v2\/media?parent=14959"}],"curies":[{"name":"wp","href":"https:\/\/api.w.org\/{rel}","templated":true}]}}