{"id":11088,"date":"2021-03-30T11:03:53","date_gmt":"2021-03-30T16:03:53","guid":{"rendered":"https:\/\/www.lateliercoiffureesthetique.com\/en\/?post_type=product&#038;p=11088"},"modified":"2025-11-16T16:36:17","modified_gmt":"2025-11-16T21:36:17","slug":"serum-therapiste-hair-serum","status":"publish","type":"product","link":"https:\/\/www.lateliercoiffureesthetique.com\/fr\/produit\/serum-therapiste-hair-serum\/","title":{"rendered":"S\u00e9rum Th\u00e9rapiste"},"content":{"rendered":"<p>[vc_row center_bck_image=\u00a0\u00bbno\u00a0\u00bb][vc_column][vc_empty_space][vc_column_text]<\/p>\n<h5 style=\"text-align: left;\"><strong>COMMENT UTILISER\u00a0<\/strong><\/h5>\n<p>[\/vc_column_text][vc_column_text]<\/p>\n<h6>Le s\u00e9rum pour cheveux S\u00e9rum Th\u00e9rapiste est un produit \u00e0 double action, un soin r\u00e9parateur pour pointes fourchues et un s\u00e9rum thermo-protecteur pour cheveux tr\u00e8s ab\u00eem\u00e9s et cassants. Sa formule innovante combine une cr\u00e8me r\u00e9paratrice et un s\u00e9rum capillaire qui prot\u00e8ge de la chaleur jusqu&rsquo;\u00e0 230 \u00b0C, ce qui en fait un excellent s\u00e9rum thermo-protecteur qui r\u00e9pare \u00e9galement les pointes fourchues. La S\u00e8ve de R\u00e9surrection dans ce s\u00e9rum capillaire r\u00e9pare les pointes fourchues tout en r\u00e9g\u00e9n\u00e9rant les cheveux, ce qui r\u00e9duit les cheveux cassants.<\/h6>\n<h6>Comment utiliser le soin r\u00e9parateur pour pointes fourchues, S\u00e9rum Th\u00e9rapiste :<br \/>\n\u00c9tape 1. Appliquer 1 \u00e0 2 pompes du S\u00e9rum Th\u00e9rapiste sur les cheveux essor\u00e9s, des mi-longueurs jusqu&rsquo;aux pointes.<br \/>\n\u00c9tape 2. Masser le s\u00e9rum pour cheveux sur les longueurs et sur les extr\u00e9mit\u00e9s fourchues des cheveux.<br \/>\n\u00c9tape 3. Ne pas rincer et s\u00e9cher les cheveux comme d&rsquo;habitude.<br \/>\n\u00c9tape 4. Ce soin r\u00e9parateur pour pointes fourchues et s\u00e9rum thermo-protecteur peut aussi \u00eatre utilis\u00e9 comme touche de finition sur les cheveux secs pour contr\u00f4ler les m\u00e8ches rebelles et sceller les pointes fourchues.<\/h6>\n<p>[\/vc_column_text][vc_empty_space][\/vc_column][\/vc_row][vc_row center_bck_image=\u00a0\u00bbno\u00a0\u00bb][vc_column][vc_column_text]<\/p>\n<h5 id=\"tw-target-text\" class=\"tw-data-text tw-text-large XcVN5d tw-ta\" data-placeholder=\"Traduction\"><strong><span class=\"Y2IQFc\" lang=\"fr\">INGR\u00c9DIENTS<\/span><\/strong><\/h5>\n<p>[\/vc_column_text][vc_column_text]<\/p>\n<h6>Cyclopentasiloxane \u2022 Aqua \/ Water \u2022 Dimethiconol \u2022 Dimethicone \u2022 Cetearyl Alcohol \u2022 Phenyl Trimethicone \u2022 Amodimethicone \u2022 Phenoxyethanol \u2022 Polyquaternium-37 \u2022 Trideceth-5 \u2022 Propylene Glycol Dicaprylate\/Dicaprate \u2022 Steareth-20 \u2022 Cetyl Hydroxyethylcellulose \u2022 Linalool \u2022 Glycerin \u2022 2-Oleamido-1,3-Octadecanediol \u2022 Citronellol \u2022 Trideceth-10 \u2022 Ppg-1 Trideceth-6 \u2022 Geraniol \u2022 Glycine \u2022 Arginine \u2022 Proline \u2022 Tyrosine \u2022 Glutamic Acid \u2022 Chlorhexidine Digluconate \u2022 Serine \u2022 Benzyl Alcohol \u2022 Hydroxypropyltrimonium Hydrolyzed Wheat Protein \u2022 Isoeugenol \u2022 Safflower Glucoside \u2022 Alpha-Isomethyl Ionone \u2022 Trehalose \u2022 Tamarindus Indica Seed Polysaccharide \u2022 Myrothamnus Flabellifolia Leaf Extract \u2022 Parfum \/ Fragrance<\/h6>\n<p>[\/vc_column_text][\/vc_column][\/vc_row]<\/p>\n","protected":false},"excerpt":{"rendered":"<h6>R\u00e9parez les pointes fourchues et prot\u00e9gez vos cheveux surtrait\u00e9s et tr\u00e8s ab\u00eem\u00e9s de la chaleur avec S\u00e9rum Th\u00e9rapiste, le double-s\u00e9rum r\u00e9parateur.<\/h6>\n","protected":false},"featured_media":12442,"comment_status":"open","ping_status":"closed","template":"","meta":[],"product_cat":[187,280],"product_tag":[95],"_links":{"self":[{"href":"https:\/\/www.lateliercoiffureesthetique.com\/fr\/wp-json\/wp\/v2\/product\/11088"}],"collection":[{"href":"https:\/\/www.lateliercoiffureesthetique.com\/fr\/wp-json\/wp\/v2\/product"}],"about":[{"href":"https:\/\/www.lateliercoiffureesthetique.com\/fr\/wp-json\/wp\/v2\/types\/product"}],"replies":[{"embeddable":true,"href":"https:\/\/www.lateliercoiffureesthetique.com\/fr\/wp-json\/wp\/v2\/comments?post=11088"}],"wp:featuredmedia":[{"embeddable":true,"href":"https:\/\/www.lateliercoiffureesthetique.com\/fr\/wp-json\/wp\/v2\/media\/12442"}],"wp:attachment":[{"href":"https:\/\/www.lateliercoiffureesthetique.com\/fr\/wp-json\/wp\/v2\/media?parent=11088"}],"wp:term":[{"taxonomy":"product_cat","embeddable":true,"href":"https:\/\/www.lateliercoiffureesthetique.com\/fr\/wp-json\/wp\/v2\/product_cat?post=11088"},{"taxonomy":"product_tag","embeddable":true,"href":"https:\/\/www.lateliercoiffureesthetique.com\/fr\/wp-json\/wp\/v2\/product_tag?post=11088"}],"curies":[{"name":"wp","href":"https:\/\/api.w.org\/{rel}","templated":true}]}}