{"id":12240,"date":"2021-06-06T18:00:48","date_gmt":"2021-06-06T23:00:48","guid":{"rendered":"https:\/\/www.lateliercoiffureesthetique.com\/en\/?post_type=product&#038;p=12240"},"modified":"2026-02-04T19:17:26","modified_gmt":"2026-02-05T00:17:26","slug":"fondanthydratation","status":"publish","type":"product","link":"https:\/\/www.lateliercoiffureesthetique.com\/fr\/produit\/fondanthydratation\/","title":{"rendered":"Fondant Hydratation Essentielle"},"content":{"rendered":"<p>[vc_row center_bck_image=\u00a0\u00bbno\u00a0\u00bb][vc_column][vc_empty_space][vc_column_text]<\/p>\n<h5><strong>COMMENT UTILISER<\/strong><\/h5>\n<p>[\/vc_column_text][vc_column_text]<\/p>\n<h6>Utiliser une g\u00e9n\u00e9reuse quantit\u00e9 de soin capillaire, selon la longueur et l\u2019\u00e9paisseur des cheveux. Appliquer sur des cheveux mouill\u00e9s, puis retirer soigneusement l\u2019exc\u00e9dent d\u2019eau. R\u00e9partir des pointes vers les racines dans un mouvement ascendant, et masser pour faire p\u00e9n\u00e9trer. Laisser agir pendant 3 \u00e0 5 minutes selon l\u2019\u00e9paisseur des cheveux. \u00c9mulsionner, puis rincer abondamment.<\/h6>\n<p>[\/vc_column_text][\/vc_column][\/vc_row][vc_row center_bck_image=\u00a0\u00bbno\u00a0\u00bb][vc_column][vc_empty_space][vc_column_text]<\/p>\n<h5><strong>INGREDIENT<\/strong><\/h5>\n<p>[\/vc_column_text][vc_column_text]<\/p>\n<h6>\u25cfAQUA \/ WATER \/ EAU \u25cf CETEARYL ALCOHOL \u25cf BEHENTRIMONIUM CHLORIDE \u25cf GLYCERIN \u25cf AMODIMETHICONE \u25cf CETYL ESTERS \u25cf POTATO STARCH MODIFIED \u25cf ISOPROPYL ALCOHOL \u25cf SHOREA ROBUSTA SEED BUTTER \u25cf PHENOXYETHANOL \u25cf BENZYL SALICYLATE \u25cf TRIDECETH-6 \u25cf LINALOOL \u25cf BENZYL ALCOHOL \u25cf CANDELILLA CERA \/ CANDELILLA WAX \/ CIRE DE CANDELILLA \u25cf CHLORHEXIDINE DIGLUCONATE \u25cf CETRIMONIUM CHLORIDE \u25cf MEL EXTRACT \/ HONEY EXTRACT \u25cf 2-OLEAMIDO-1,3-OCTADECANEDIOL \u25cf SODIUM HYDROXIDE \u25cf PENTAERYTHRITYL TETRA-DI-T-BUTYL HYDROXYHYDROCINNAMATE \u25cf CITRIC ACID \u25cf PARFUM \/ FRAGRANCE<\/h6>\n<p>[\/vc_column_text][\/vc_column][\/vc_row]<\/p>\n","protected":false},"excerpt":{"rendered":"<h6 class=\"product_subtitle \">Fondant l\u00e9ger restaurateur d\u2019hydratation enrichi au miel de Manuka et aux c\u00e9ramides pour cheveux fris\u00e9s et tr\u00e8s fris\u00e9s. Procure aux boucles une hydratation l\u00e9g\u00e8re sans les alourdir et d\u00e9m\u00eale avec d\u00e9licatesse m\u00eame les n\u0153uds les plus tenaces. Augmente le corps et la densit\u00e9 des boucles tout en rehaussant leur forme et leur \u00e9lasticit\u00e9. Utiliser la routine de soin capillaire compl\u00e8te de Curl Manifesto pour des boucles \u00e0 l\u2019apparence plus dense, parfaitement d\u00e9finies et naturellement \u00ab\u2009rebondissantes\u2009\u00bb.<\/h6>\n","protected":false},"featured_media":12436,"comment_status":"open","ping_status":"closed","template":"","meta":[],"product_cat":[187,355],"product_tag":[95],"_links":{"self":[{"href":"https:\/\/www.lateliercoiffureesthetique.com\/fr\/wp-json\/wp\/v2\/product\/12240"}],"collection":[{"href":"https:\/\/www.lateliercoiffureesthetique.com\/fr\/wp-json\/wp\/v2\/product"}],"about":[{"href":"https:\/\/www.lateliercoiffureesthetique.com\/fr\/wp-json\/wp\/v2\/types\/product"}],"replies":[{"embeddable":true,"href":"https:\/\/www.lateliercoiffureesthetique.com\/fr\/wp-json\/wp\/v2\/comments?post=12240"}],"wp:featuredmedia":[{"embeddable":true,"href":"https:\/\/www.lateliercoiffureesthetique.com\/fr\/wp-json\/wp\/v2\/media\/12436"}],"wp:attachment":[{"href":"https:\/\/www.lateliercoiffureesthetique.com\/fr\/wp-json\/wp\/v2\/media?parent=12240"}],"wp:term":[{"taxonomy":"product_cat","embeddable":true,"href":"https:\/\/www.lateliercoiffureesthetique.com\/fr\/wp-json\/wp\/v2\/product_cat?post=12240"},{"taxonomy":"product_tag","embeddable":true,"href":"https:\/\/www.lateliercoiffureesthetique.com\/fr\/wp-json\/wp\/v2\/product_tag?post=12240"}],"curies":[{"name":"wp","href":"https:\/\/api.w.org\/{rel}","templated":true}]}}